{"id":3203,"date":"2022-01-05T09:40:26","date_gmt":"2022-01-05T08:40:26","guid":{"rendered":"https:\/\/repair.eu\/?page_id=3203"},"modified":"2024-11-19T14:04:06","modified_gmt":"2024-11-19T13:04:06","slug":"home","status":"publish","type":"page","link":"https:\/\/repair.eu\/it\/","title":{"rendered":"Home"},"content":{"rendered":"\n<section class=\"block block__cta-strip block__full-width--smaller-screens\" >\n\n\t<div class=\"block__inner block__cta-strip--inner\" >\n\n\t\t<section class=\"block block__cta-strip block__full-width--smaller-screens\">\n<div class=\"block__inner block__cta-strip--inner\">Esplora la nostra <a href=\"https:\/\/repair.eu\/whats-my-right-to-repair\/\">panoramica sullo stato attuale del diritto alla riparazione nell&#8217;UE<\/a>!<\/div>\n<\/section>\n\n\t<\/div>\t\n\n<\/section>\n\n\n\n\n<section class=\"block block__hero block__full-width \" style=\"background-color: #42389E;\">\n\n\t<div class=\"block__inner block__hero--inner\">\n\n\t\t\n\t\t\t<picture class=\"block__hero--image\">\n\t\t\t\t<source media=\"(min-width: 768px)\" srcset=\"https:\/\/repair.eu\/wp-content\/uploads\/2019\/11\/Hero-home-desktop.png\">\n\t\t\t\t<source srcset=\"https:\/\/repair.eu\/wp-content\/uploads\/2019\/11\/Hero-home-mobile.png\">\t\t\t\n\t\t\t\t\n\t\t\t\t<img decoding=\"async\" src=\"https:\/\/repair.eu\/wp-content\/uploads\/2019\/11\/Hero-home-desktop.png\" alt=\"We believe in the right to repair\">\n\t\t\t<\/picture>\n\n\t\t\t\n\t<\/div>\t\n\n<\/section>\n\n\n\n\n<p><strong>Siamo persone, siamo riparatrici e riparatori, siamo attiviste ed attivisti della sostenibilit\u00e0, siamo una comunit\u00e0.<\/strong><\/p>\n\n\n\n<p>Crediamo che i prodotti dovrebbero durare pi\u00f9 a lungo, e quindi quando si rompono, dovrebbero poter essere riparati. Questo richiede non solo che i prodotti siano progettati per poter essere riparati, ma anche che sia fornito il supporto ai riparatori, di qualsiasi tipo siano.<\/p>\n\n\n\n<p><strong>Chiediamo il diritto di poter riparare.<\/strong><\/p>\n\n\n\n<figure class=\"wp-block-embed is-type-video is-provider-youtube wp-block-embed-youtube wp-embed-aspect-16-9 wp-has-aspect-ratio\"><div class=\"wp-block-embed__wrapper\">\n<iframe loading=\"lazy\" title=\"Planned obsolescence? It&#039;s gone too far!\" width=\"640\" height=\"360\" src=\"https:\/\/www.youtube.com\/embed\/LFNxyDjrpNE?feature=oembed\" frameborder=\"0\" allow=\"accelerometer; autoplay; clipboard-write; encrypted-media; gyroscope; picture-in-picture; web-share\" referrerpolicy=\"strict-origin-when-cross-origin\" allowfullscreen><\/iframe>\n<\/div><\/figure>\n\n\n\n<section class=\"block block__action-network-form block__full-width bgcolor-green\" id=\"take-action\">\n\n\t<div class=\"block__inner block__action-network-form--inner\">\n\n\t\t\n\t\t\t\t<h2 class=\"block_title block__action-network-form--title\">Sii un precursore! Unisciti al movimento per un diritto universale alla riparazione<\/h2>\n\n\t\t\t\n\t\t\n\t\t\t\t<div class=\"block__action-network-form--shortcode\">\n\t\t\t\t\t<link href='https:\/\/actionnetwork.org\/css\/style-embed-whitelabel-v3.css' rel='stylesheet' type='text\/css' \/><script src='https:\/\/actionnetwork.org\/widgets\/v4\/form\/unisciti-al-movimento-per-un-diritto-universale-alla-riparazione?format=js&#038;source=widget'><\/script><div id='can-form-area-unisciti-al-movimento-per-un-diritto-universale-alla-riparazione' style='width: 100%'><!-- this div is the target for our HTML insertion --><\/div>\t\t\t\t<\/div>\n\n\t\t\t\n\t<\/div>\n\n<\/section>\n\n\n\n\n<div class=\"wp-block-cover alignfull is-light bottom-aligned-content eightypercent-screenheight smaller-h3-on-mobile\"><span aria-hidden=\"true\" class=\"wp-block-cover__background has-background-dim-0 has-background-dim\"><\/span><img loading=\"lazy\" decoding=\"async\" width=\"2600\" height=\"1735\" class=\"wp-block-cover__image-background wp-image-2775\" alt=\"\" src=\"https:\/\/repair.eu\/wp-content\/uploads\/2021\/05\/Obsolescence-Programme\u0301e-\u00a9-Franc\u0327ois-Dvorak-9246-scaled.jpg\" data-object-fit=\"cover\" srcset=\"https:\/\/repair.eu\/wp-content\/uploads\/2021\/05\/Obsolescence-Programme\u0301e-\u00a9-Franc\u0327ois-Dvorak-9246-scaled.jpg 2600w, https:\/\/repair.eu\/wp-content\/uploads\/2021\/05\/Obsolescence-Programme\u0301e-\u00a9-Franc\u0327ois-Dvorak-9246-300x200.jpg 300w, https:\/\/repair.eu\/wp-content\/uploads\/2021\/05\/Obsolescence-Programme\u0301e-\u00a9-Franc\u0327ois-Dvorak-9246-1024x683.jpg 1024w, https:\/\/repair.eu\/wp-content\/uploads\/2021\/05\/Obsolescence-Programme\u0301e-\u00a9-Franc\u0327ois-Dvorak-9246-768x513.jpg 768w, https:\/\/repair.eu\/wp-content\/uploads\/2021\/05\/Obsolescence-Programme\u0301e-\u00a9-Franc\u0327ois-Dvorak-9246-1536x1025.jpg 1536w, https:\/\/repair.eu\/wp-content\/uploads\/2021\/05\/Obsolescence-Programme\u0301e-\u00a9-Franc\u0327ois-Dvorak-9246-2048x1367.jpg 2048w, https:\/\/repair.eu\/wp-content\/uploads\/2021\/05\/Obsolescence-Programme\u0301e-\u00a9-Franc\u0327ois-Dvorak-9246-1300x868.jpg 1300w, https:\/\/repair.eu\/wp-content\/uploads\/2021\/05\/Obsolescence-Programme\u0301e-\u00a9-Franc\u0327ois-Dvorak-9246-1568x1046.jpg 1568w\" sizes=\"auto, (max-width: 2600px) 100vw, 2600px\" \/><div class=\"wp-block-cover__inner-container is-layout-flow wp-block-cover-is-layout-flow\">\n<div class=\"wp-block-columns is-layout-flex wp-container-core-columns-is-layout-9d6595d7 wp-block-columns-is-layout-flex\">\n<div class=\"wp-block-column is-layout-flow wp-block-column-is-layout-flow\" style=\"flex-basis:66.66%\">\n<h3 class=\"wp-block-heading bgcolor-black-opacity50 has-white-color has-text-color\">Siamo una coalizione di organizzazioni europee che promuovono il cambiamento del sistema in materia di riparabilit\u00e0.<\/h3>\n\n\n\n<h3 class=\"wp-block-heading bgcolor-black-opacity50 has-white-color has-text-color\"><a href=\"https:\/\/repair.eu\/it\/aderisci-alla-campagna\/\"><mark style=\"background-color:rgba(0, 0, 0, 0)\" class=\"has-inline-color has-white-color\">Unisciti alla campagna<\/mark><\/a><\/h3>\n<\/div>\n\n\n\n<div class=\"wp-block-column is-layout-flow wp-block-column-is-layout-flow\" style=\"flex-basis:33.33%\"><\/div>\n<\/div>\n<\/div><\/div>\n\n\n\n<section class=\"block block__icon-text block__full-width\" style=\"background-color: #42389E;\">\n\n\t<div class=\"block__inner block__icon-text--inner\">\n\n\t\t\n\t\t\t<div class=\"block__icon-text--columns\">\n\n\t\t\t\t\t\t\t\t\t<div class=\"block__icon-text--column\">\n\n\t\t\t\t\t\t<div class=\"block__icon-text--image\">\n\t\t\t\t\t\t\t<img decoding=\"async\" src=\"https:\/\/repair.eu\/wp-content\/uploads\/2019\/09\/Broken-phone.png\">\n\t\t\t\t\t\t<\/div>\n\t\t\t\t\t\t\n\t\t\t\t\t\t<div class=\"block__icon-text--text\">\n\t\t\t\t\t\t\tI rifiuti elettronici sono il gruppo di rifiuti in pi\u00f9 rapida crescita nel mondo. Solo il 15-20% viene riciclato\t\t\t\t\t\t<\/div>\n\n\t\t\t\t\t<\/div>\n\n\t\t\t\t\t\t\t\t\t\t<div class=\"block__icon-text--column\">\n\n\t\t\t\t\t\t<div class=\"block__icon-text--image\">\n\t\t\t\t\t\t\t<img decoding=\"async\" src=\"https:\/\/repair.eu\/wp-content\/uploads\/2019\/09\/Frustrated-face.png\">\n\t\t\t\t\t\t<\/div>\n\t\t\t\t\t\t\n\t\t\t\t\t\t<div class=\"block__icon-text--text\">\n\t\t\t\t\t\t\tOgni anno vengono prodotti 53 milioni di tonnellate di rifiuti elettronici, l&#039;equivalente del peso di 350 navi da crociera\t\t\t\t\t\t<\/div>\n\n\t\t\t\t\t<\/div>\n\n\t\t\t\t\t\t\t\t\t\t<div class=\"block__icon-text--column\">\n\n\t\t\t\t\t\t<div class=\"block__icon-text--image\">\n\t\t\t\t\t\t\t<img decoding=\"async\" src=\"https:\/\/repair.eu\/wp-content\/uploads\/2019\/09\/Happy-face.png\">\n\t\t\t\t\t\t<\/div>\n\t\t\t\t\t\t\n\t\t\t\t\t\t<div class=\"block__icon-text--text\">\n\t\t\t\t\t\t\tLa riparazione comunitaria previene gli sprechi, riduce le emissioni di CO2 e riunisce i cuori\t\t\t\t\t\t<\/div>\n\n\t\t\t\t\t<\/div>\n\n\t\t\t\t\t\t\t\t<\/div>\n\n\t\t\t\t\t\n\t<\/div>\t\n\n<\/section>\n\n\n\n\n<section class=\"block block__latest-posts\">\n\n\t\n\t\t\t\t<h2 class=\"block_title block__latest-posts--title\">News<\/h2>\n\n\t\t\t\n<article class=\"block__latest-posts--teaser\">\n\n\t<div class=\"block__latest-posts--image\">\n\t\t<a href=\"https:\/\/repair.eu\/it\/news\/whats-going-on-with-the-right-to-repair-directive-transposition-in-germany\/\" class=\"post__teaser-image-link\">\n\t\t\t\t\t<\/a>\n\t<\/div>\n\n\t<div class=\"block__latest-posts--details\">\n\n\t\t21 Aprile 2026\n\t\t<a class=\"block__latest-posts--link\" href=\"https:\/\/repair.eu\/it\/news\/whats-going-on-with-the-right-to-repair-directive-transposition-in-germany\/\">\n\t\t\t<h3 class=\"block__latest-posts--teaser-title post__teaser-title\">What\u2019s Going On with the Right to Repair Directive Transposition in Germany?<\/h3>\n\t\t<\/a>\n\n\t\t<div class=\"block__latest-posts--excerpt\">\n\n\t\t\t<p>The Directive on common rules promoting the repair of goods, or as we like to call it, the Right to Repair Directive, was our big win in 2024. As summer approaches, Member States are working on the transposition into national law by 31 July 2026. We are closely following developments across Europe as the way &hellip; <\/p>\n<p class=\"link-more\"><a href=\"https:\/\/repair.eu\/it\/news\/whats-going-on-with-the-right-to-repair-directive-transposition-in-germany\/\" class=\"more-link\">Leggi tutto<span class=\"screen-reader-text\"> &#8220;What\u2019s Going On with the Right to Repair Directive Transposition in Germany?&#8221;<\/span><\/a><\/p>\n\n\t\t<\/div>\n\n\t<\/div>\n\n<\/article>\n\n<article class=\"block__latest-posts--teaser\">\n\n\t<div class=\"block__latest-posts--image\">\n\t\t<a href=\"https:\/\/repair.eu\/it\/news\/a-smarter-way-to-drill-cutting-the-carbon-emissions-from-power-tools\/\" class=\"post__teaser-image-link\">\n\t\t\t<img loading=\"lazy\" decoding=\"async\" width=\"700\" height=\"440\" src=\"https:\/\/repair.eu\/wp-content\/uploads\/2026\/03\/smarter-way-to-drill-2-700x440.png\" class=\"attachment-rtr-post-teaser-img size-rtr-post-teaser-img wp-post-image\" alt=\"\" srcset=\"https:\/\/repair.eu\/wp-content\/uploads\/2026\/03\/smarter-way-to-drill-2-700x440.png 700w, https:\/\/repair.eu\/wp-content\/uploads\/2026\/03\/smarter-way-to-drill-2-300x190.png 300w\" sizes=\"auto, (max-width: 34.9rem) calc(100vw - 2rem), (max-width: 53rem) calc(8 * (100vw \/ 12)), (min-width: 53rem) calc(6 * (100vw \/ 12)), 100vw\" \/>\t\t<\/a>\n\t<\/div>\n\n\t<div class=\"block__latest-posts--details\">\n\n\t\t27 Marzo 2026\n\t\t<a class=\"block__latest-posts--link\" href=\"https:\/\/repair.eu\/it\/news\/a-smarter-way-to-drill-cutting-the-carbon-emissions-from-power-tools\/\">\n\t\t\t<h3 class=\"block__latest-posts--teaser-title post__teaser-title\">A Smarter Way to Drill: Cutting the Carbon Emissions from Power Tools<\/h3>\n\t\t<\/a>\n\n\t\t<div class=\"block__latest-posts--excerpt\">\n\n\t\t\t<p>Tournevie is the only tool library in Brussels. Co-founder, Thomas Opsomer talked to us about their work and power tool repairability labelling.<\/p>\n\n\t\t<\/div>\n\n\t<\/div>\n\n<\/article>\n\n<article class=\"block__latest-posts--teaser\">\n\n\t<div class=\"block__latest-posts--image\">\n\t\t<a href=\"https:\/\/repair.eu\/it\/news\/introducing-our-new-campaign-manager-ines-alberico\/\" class=\"post__teaser-image-link\">\n\t\t\t<img loading=\"lazy\" decoding=\"async\" width=\"700\" height=\"440\" src=\"https:\/\/repair.eu\/wp-content\/uploads\/2026\/03\/Ines-intro-700x440.png\" class=\"attachment-rtr-post-teaser-img size-rtr-post-teaser-img wp-post-image\" alt=\"\" srcset=\"https:\/\/repair.eu\/wp-content\/uploads\/2026\/03\/Ines-intro-700x440.png 700w, https:\/\/repair.eu\/wp-content\/uploads\/2026\/03\/Ines-intro-300x190.png 300w\" sizes=\"auto, (max-width: 34.9rem) calc(100vw - 2rem), (max-width: 53rem) calc(8 * (100vw \/ 12)), (min-width: 53rem) calc(6 * (100vw \/ 12)), 100vw\" \/>\t\t<\/a>\n\t<\/div>\n\n\t<div class=\"block__latest-posts--details\">\n\n\t\t2 Marzo 2026\n\t\t<a class=\"block__latest-posts--link\" href=\"https:\/\/repair.eu\/it\/news\/introducing-our-new-campaign-manager-ines-alberico\/\">\n\t\t\t<h3 class=\"block__latest-posts--teaser-title post__teaser-title\">Introducing our new Campaign Manager, In\u00e9s Alberico<\/h3>\n\t\t<\/a>\n\n\t\t<div class=\"block__latest-posts--excerpt\">\n\n\t\t\t<p>Say hello to the new Campaign Manager for Right to Repair Europe, In\u00e9s Alberico. <\/p>\n\n\t\t<\/div>\n\n\t<\/div>\n\n<\/article>\n\n\t<p style=\"margin: 3rem auto; text-align: center\"><a href=\"\/news\"><button>Read more news updates<\/button><\/a><\/p>\n\n<\/section>\n\n","protected":false},"excerpt":{"rendered":"<p>Siamo persone, siamo riparatrici e riparatori, siamo attiviste ed attivisti della sostenibilit\u00e0, siamo una comunit\u00e0. Crediamo che i prodotti dovrebbero durare pi\u00f9 a lungo, e quindi quando si rompono, dovrebbero poter essere riparati. Questo richiede non solo che i prodotti siano progettati per poter essere riparati, ma anche che sia fornito il supporto ai riparatori, &hellip; <\/p>\n<p class=\"link-more\"><a href=\"https:\/\/repair.eu\/it\/\" class=\"more-link\">Leggi tutto<span class=\"screen-reader-text\"> &#8220;Home&#8221;<\/span><\/a><\/p>\n","protected":false},"author":2,"featured_media":0,"parent":0,"menu_order":0,"comment_status":"closed","ping_status":"closed","template":"","meta":{"_acf_changed":false,"footnotes":""},"class_list":["post-3203","page","type-page","status-publish","hentry","entry"],"acf":[],"yoast_head":"<!-- This site is optimized with the Yoast SEO plugin v27.4 - https:\/\/yoast.com\/product\/yoast-seo-wordpress\/ -->\n<title>Home - Right to Repair Europe<\/title>\n<meta name=\"robots\" content=\"index, follow, max-snippet:-1, max-image-preview:large, max-video-preview:-1\" \/>\n<link rel=\"canonical\" href=\"https:\/\/repair.eu\/it\/\" \/>\n<meta property=\"og:locale\" content=\"it_IT\" \/>\n<meta property=\"og:type\" content=\"article\" \/>\n<meta property=\"og:title\" content=\"Home - Right to Repair Europe\" \/>\n<meta property=\"og:description\" content=\"Siamo persone, siamo riparatrici e riparatori, siamo attiviste ed attivisti della sostenibilit\u00e0, siamo una comunit\u00e0. Crediamo che i prodotti dovrebbero durare pi\u00f9 a lungo, e quindi quando si rompono, dovrebbero poter essere riparati. Questo richiede non solo che i prodotti siano progettati per poter essere riparati, ma anche che sia fornito il supporto ai riparatori, &hellip; Leggi tutto &quot;Home&quot;\" \/>\n<meta property=\"og:url\" content=\"https:\/\/repair.eu\/it\/\" \/>\n<meta property=\"og:site_name\" content=\"Right to Repair Europe\" \/>\n<meta property=\"article:publisher\" content=\"https:\/\/www.facebook.com\/righttorepaireurope\/\" \/>\n<meta property=\"article:modified_time\" content=\"2024-11-19T13:04:06+00:00\" \/>\n<meta property=\"og:image\" content=\"http:\/\/repair.eu\/wp-content\/uploads\/2019\/09\/R2RFacebookImage.png\" \/>\n<meta name=\"twitter:card\" content=\"summary_large_image\" \/>\n<meta name=\"twitter:image\" content=\"https:\/\/repair.eu\/wp-content\/uploads\/2019\/09\/R2RTwitterImage.png\" \/>\n<meta name=\"twitter:site\" content=\"@R2REurope\" \/>\n<meta name=\"twitter:label1\" content=\"Tempo di lettura stimato\" \/>\n\t<meta name=\"twitter:data1\" content=\"1 minuto\" \/>\n<script type=\"application\/ld+json\" class=\"yoast-schema-graph\">{\"@context\":\"https:\\\/\\\/schema.org\",\"@graph\":[{\"@type\":\"WebPage\",\"@id\":\"https:\\\/\\\/repair.eu\\\/it\\\/\",\"url\":\"https:\\\/\\\/repair.eu\\\/it\\\/\",\"name\":\"Home - Right to Repair Europe\",\"isPartOf\":{\"@id\":\"https:\\\/\\\/repair.eu\\\/it\\\/#website\"},\"datePublished\":\"2022-01-05T08:40:26+00:00\",\"dateModified\":\"2024-11-19T13:04:06+00:00\",\"breadcrumb\":{\"@id\":\"https:\\\/\\\/repair.eu\\\/it\\\/#breadcrumb\"},\"inLanguage\":\"it-IT\",\"potentialAction\":[{\"@type\":\"ReadAction\",\"target\":[\"https:\\\/\\\/repair.eu\\\/it\\\/\"]}]},{\"@type\":\"BreadcrumbList\",\"@id\":\"https:\\\/\\\/repair.eu\\\/it\\\/#breadcrumb\",\"itemListElement\":[{\"@type\":\"ListItem\",\"position\":1,\"name\":\"Home\",\"item\":\"https:\\\/\\\/repair.eu\\\/it\\\/\"},{\"@type\":\"ListItem\",\"position\":2,\"name\":\"Home\"}]},{\"@type\":\"WebSite\",\"@id\":\"https:\\\/\\\/repair.eu\\\/it\\\/#website\",\"url\":\"https:\\\/\\\/repair.eu\\\/it\\\/\",\"name\":\"Right to Repair Europe\",\"description\":\"\",\"publisher\":{\"@id\":\"https:\\\/\\\/repair.eu\\\/it\\\/#organization\"},\"potentialAction\":[{\"@type\":\"SearchAction\",\"target\":{\"@type\":\"EntryPoint\",\"urlTemplate\":\"https:\\\/\\\/repair.eu\\\/it\\\/?s={search_term_string}\"},\"query-input\":{\"@type\":\"PropertyValueSpecification\",\"valueRequired\":true,\"valueName\":\"search_term_string\"}}],\"inLanguage\":\"it-IT\"},{\"@type\":\"Organization\",\"@id\":\"https:\\\/\\\/repair.eu\\\/it\\\/#organization\",\"name\":\"Right to Repair Europe\",\"url\":\"https:\\\/\\\/repair.eu\\\/it\\\/\",\"logo\":{\"@type\":\"ImageObject\",\"inLanguage\":\"it-IT\",\"@id\":\"https:\\\/\\\/repair.eu\\\/it\\\/#\\\/schema\\\/logo\\\/image\\\/\",\"url\":\"https:\\\/\\\/repair.eu\\\/wp-content\\\/uploads\\\/2019\\\/09\\\/Right-to-repair-logo.png\",\"contentUrl\":\"https:\\\/\\\/repair.eu\\\/wp-content\\\/uploads\\\/2019\\\/09\\\/Right-to-repair-logo.png\",\"width\":451,\"height\":62,\"caption\":\"Right to Repair Europe\"},\"image\":{\"@id\":\"https:\\\/\\\/repair.eu\\\/it\\\/#\\\/schema\\\/logo\\\/image\\\/\"},\"sameAs\":[\"https:\\\/\\\/www.facebook.com\\\/righttorepaireurope\\\/\",\"https:\\\/\\\/x.com\\\/R2REurope\",\"https:\\\/\\\/www.instagram.com\\\/R2REurope\\\/\"]}]}<\/script>\n<!-- \/ Yoast SEO plugin. -->","yoast_head_json":{"title":"Home - Right to Repair Europe","robots":{"index":"index","follow":"follow","max-snippet":"max-snippet:-1","max-image-preview":"max-image-preview:large","max-video-preview":"max-video-preview:-1"},"canonical":"https:\/\/repair.eu\/it\/","og_locale":"it_IT","og_type":"article","og_title":"Home - Right to Repair Europe","og_description":"Siamo persone, siamo riparatrici e riparatori, siamo attiviste ed attivisti della sostenibilit\u00e0, siamo una comunit\u00e0. Crediamo che i prodotti dovrebbero durare pi\u00f9 a lungo, e quindi quando si rompono, dovrebbero poter essere riparati. Questo richiede non solo che i prodotti siano progettati per poter essere riparati, ma anche che sia fornito il supporto ai riparatori, &hellip; Leggi tutto \"Home\"","og_url":"https:\/\/repair.eu\/it\/","og_site_name":"Right to Repair Europe","article_publisher":"https:\/\/www.facebook.com\/righttorepaireurope\/","article_modified_time":"2024-11-19T13:04:06+00:00","og_image":[{"url":"http:\/\/repair.eu\/wp-content\/uploads\/2019\/09\/R2RFacebookImage.png","type":"","width":"","height":""}],"twitter_card":"summary_large_image","twitter_image":"https:\/\/repair.eu\/wp-content\/uploads\/2019\/09\/R2RTwitterImage.png","twitter_site":"@R2REurope","twitter_misc":{"Tempo di lettura stimato":"1 minuto"},"schema":{"@context":"https:\/\/schema.org","@graph":[{"@type":"WebPage","@id":"https:\/\/repair.eu\/it\/","url":"https:\/\/repair.eu\/it\/","name":"Home - Right to Repair Europe","isPartOf":{"@id":"https:\/\/repair.eu\/it\/#website"},"datePublished":"2022-01-05T08:40:26+00:00","dateModified":"2024-11-19T13:04:06+00:00","breadcrumb":{"@id":"https:\/\/repair.eu\/it\/#breadcrumb"},"inLanguage":"it-IT","potentialAction":[{"@type":"ReadAction","target":["https:\/\/repair.eu\/it\/"]}]},{"@type":"BreadcrumbList","@id":"https:\/\/repair.eu\/it\/#breadcrumb","itemListElement":[{"@type":"ListItem","position":1,"name":"Home","item":"https:\/\/repair.eu\/it\/"},{"@type":"ListItem","position":2,"name":"Home"}]},{"@type":"WebSite","@id":"https:\/\/repair.eu\/it\/#website","url":"https:\/\/repair.eu\/it\/","name":"Right to Repair Europe","description":"","publisher":{"@id":"https:\/\/repair.eu\/it\/#organization"},"potentialAction":[{"@type":"SearchAction","target":{"@type":"EntryPoint","urlTemplate":"https:\/\/repair.eu\/it\/?s={search_term_string}"},"query-input":{"@type":"PropertyValueSpecification","valueRequired":true,"valueName":"search_term_string"}}],"inLanguage":"it-IT"},{"@type":"Organization","@id":"https:\/\/repair.eu\/it\/#organization","name":"Right to Repair Europe","url":"https:\/\/repair.eu\/it\/","logo":{"@type":"ImageObject","inLanguage":"it-IT","@id":"https:\/\/repair.eu\/it\/#\/schema\/logo\/image\/","url":"https:\/\/repair.eu\/wp-content\/uploads\/2019\/09\/Right-to-repair-logo.png","contentUrl":"https:\/\/repair.eu\/wp-content\/uploads\/2019\/09\/Right-to-repair-logo.png","width":451,"height":62,"caption":"Right to Repair Europe"},"image":{"@id":"https:\/\/repair.eu\/it\/#\/schema\/logo\/image\/"},"sameAs":["https:\/\/www.facebook.com\/righttorepaireurope\/","https:\/\/x.com\/R2REurope","https:\/\/www.instagram.com\/R2REurope\/"]}]}},"_links":{"self":[{"href":"https:\/\/repair.eu\/it\/wp-json\/wp\/v2\/pages\/3203","targetHints":{"allow":["GET"]}}],"collection":[{"href":"https:\/\/repair.eu\/it\/wp-json\/wp\/v2\/pages"}],"about":[{"href":"https:\/\/repair.eu\/it\/wp-json\/wp\/v2\/types\/page"}],"author":[{"embeddable":true,"href":"https:\/\/repair.eu\/it\/wp-json\/wp\/v2\/users\/2"}],"replies":[{"embeddable":true,"href":"https:\/\/repair.eu\/it\/wp-json\/wp\/v2\/comments?post=3203"}],"version-history":[{"count":46,"href":"https:\/\/repair.eu\/it\/wp-json\/wp\/v2\/pages\/3203\/revisions"}],"predecessor-version":[{"id":7295,"href":"https:\/\/repair.eu\/it\/wp-json\/wp\/v2\/pages\/3203\/revisions\/7295"}],"wp:attachment":[{"href":"https:\/\/repair.eu\/it\/wp-json\/wp\/v2\/media?parent=3203"}],"curies":[{"name":"wp","href":"https:\/\/api.w.org\/{rel}","templated":true}]}}